{"id":20902,"date":"2026-04-10T13:12:02","date_gmt":"2026-04-10T17:12:02","guid":{"rendered":"https:\/\/www.caribbean-multihulls.com\/?post_type=tribe_events&#038;p=20902"},"modified":"2026-04-10T13:12:21","modified_gmt":"2026-04-10T17:12:21","slug":"fete-du-chocolat-de-grenade","status":"publish","type":"tribe_events","link":"https:\/\/www.caribbean-multihulls.com\/fr\/evenement\/fete-du-chocolat-de-grenade\/","title":{"rendered":"F\u00eate du chocolat \u00e0 Grenade"},"content":{"rendered":"<div  class=\"tribe-events-schedule tribe-clearfix\" >\n\t<p class=\"tribe-events-schedule__datetime\">\n\t\t<span class=\"tribe-events-schedule__date tribe-events-schedule__date--start\">\n\t\t\t22 mai\t\t<\/span>\n\n\t\t\n\t\t\t\t\t\t\t\t\t<span class=\"tribe-events-schedule__separator tribe-events-schedule__separator--time\">\n\t\t\t\t\t \u2013 \t\t\t\t<\/span>\n\t\t\t\n\t\t\t\t\t\t\t<span class=\"tribe-events-schedule__date tribe-events-schedule__date--end\">\n\t\t\t\t\t27 mai\t\t\t\t<\/span>\n\n\t\t\t\t\n\t\t\t\n\t\t\t\t\t\t<\/p>\n<\/div>\n\n\n\n<div style=\"height:35px\" aria-hidden=\"true\" class=\"wp-block-spacer\"><\/div>\n\n\n\n<figure class=\"wp-block-embed is-type-video is-provider-youtube wp-block-embed-youtube wp-embed-aspect-16-9 wp-has-aspect-ratio\"><div class=\"wp-block-embed__wrapper\">\n<iframe title=\"F\u00eate du chocolat 2026 Promo\" width=\"500\" height=\"281\" src=\"https:\/\/www.youtube.com\/embed\/02ySh5SiWo8?feature=oembed\" frameborder=\"0\" allow=\"accelerometer; autoplay; clipboard-write; encrypted-media; gyroscope; picture-in-picture; web-share\" referrerpolicy=\"strict-origin-when-cross-origin\" allowfullscreen><\/iframe>\n<\/div><\/figure>\n\n\n\n<div style=\"height:54px\" aria-hidden=\"true\" class=\"wp-block-spacer\"><\/div>\n\n\n\n<p>Le festival du chocolat de la Grenade a d\u00e9but\u00e9 comme une modeste c\u00e9l\u00e9bration de l'h\u00e9ritage profond\u00e9ment enracin\u00e9 de l'\u00eele en mati\u00e8re de cacao, r\u00e9unissant des agriculteurs, des artisans du chocolat, des conteurs et des enthousiastes pour une semaine d'exp\u00e9riences pratiques. <\/p>\n\n\n\n<p>Ce qui a commenc\u00e9 au niveau local est devenu un \u00e9v\u00e9nement de renomm\u00e9e mondiale, qui a \u00e9largi sa gamme d'activit\u00e9s, ses collaborations et son attrait international. <\/p>\n\n\n\n<p>Aujourd'hui, le festival est un hommage vibrant au cacao durable, \u00e0 l'autonomisation des communaut\u00e9s et \u00e0 la cr\u00e9ativit\u00e9 illimit\u00e9e de la Grenade, invitant les visiteurs du monde entier \u00e0 savourer le voyage de l'arbre au bar.<\/p>\n\n\n\n<div class=\"wp-block-essential-blocks-button  root-eb-button-hc25z\"><div class=\"eb-parent-wrapper eb-parent-eb-button-hc25z\"><div class=\"eb-button-wrapper eb-button-alignment eb-button-hc25z\"><div class=\"eb-button\"><div class=\"eb-button-inner-wrapper\"><a class=\"eb-button-anchor\" href=\"https:\/\/grenadachocolatefest.gd\/\" target=\"_blank\" rel=\"nofollow noopener\">Plus d'informations<\/a><\/div><\/div><\/div><\/div><\/div>\n\n\n\t<div  class=\"tribe-block tribe-block__events-link\" >\n\t\t<div class=\"tribe-events tribe-common\">\n\t\t\t<div class=\"tribe-events-c-subscribe-dropdown__container\">\n\t\t\t\t<div class=\"tribe-events-c-subscribe-dropdown\">\n\t\t\t\t\t<div class=\"tribe-common-c-btn-border tribe-events-c-subscribe-dropdown__button\">\n\t\t\t\t\t\t<svg\n\t class=\"tribe-common-c-svgicon tribe-common-c-svgicon--cal-export tribe-events-c-subscribe-dropdown__export-icon\" \taria-hidden=\"true\"\n\tviewbox=\"0 0 23 17\"\n\txmlns=\"http:\/\/www.w3.org\/2000\/svg\"\n>\n\t<path fill-rule=\"evenodd\" clip-rule=\"evenodd\" d=\"M.128.896V16.13c0 .211.145.383.323.383h15.354c.179 0 .323-.172.323-.383V.896c0-.212-.144-.383-.323-.383H.451C.273.513.128.684.128.896Zm16 6.742h-.901V4.679H1.009v10.729h14.218v-3.336h.901V7.638ZM1.01 1.614h14.218v2.058H1.009V1.614Z\" \/>\n\t<path d=\"M20.5 9.846H8.312M18.524 6.953l2.89 2.909-2.855 2.855\" stroke-width=\"1.2\" stroke-linecap=\"round\" stroke-linejoin=\"round\"\/>\n<\/svg>\n\t\t\t\t\t\t<button\n\t\t\t\t\t\t\tclass=\"tribe-events-c-subscribe-dropdown__button-text\"\n\t\t\t\t\t\t\taria-expanded=\"false\"\n\t\t\t\t\t\t\taria-controls=\"tribe-events-subscribe-dropdown-content\"\n\t\t\t\t\t\t\taria-label=\"Afficher les liens permettant d\u2019ajouter des \u00e9v\u00e9nements \u00e0 votre calendrier\"\n\t\t\t\t\t\t>\n\t\t\t\t\t\t\tAjouter au calendrier\t\t\t\t\t\t<\/button>\n\t\t\t\t\t\t<svg\n\t class=\"tribe-common-c-svgicon tribe-common-c-svgicon--caret-down tribe-events-c-subscribe-dropdown__button-icon\" \taria-hidden=\"true\"\n\tviewbox=\"0 0 10 7\"\n\txmlns=\"http:\/\/www.w3.org\/2000\/svg\"\n>\n\t<path fill-rule=\"evenodd\" clip-rule=\"evenodd\" d=\"M1.008.609L5 4.6 8.992.61l.958.958L5 6.517.05 1.566l.958-.958z\" class=\"tribe-common-c-svgicon__svg-fill\"\/>\n<\/svg>\n\t\t\t\t\t<\/div>\n\t\t\t\t\t<div id=\"tribe-events-subscribe-dropdown-content\" class=\"tribe-events-c-subscribe-dropdown__content\">\n\t\t\t\t\t\t<ul class=\"tribe-events-c-subscribe-dropdown__list\">\n\t\t\t\t\t\t\t\t\t\t\t\t\t\t\t<li class=\"tribe-events-c-subscribe-dropdown__list-item tribe-events-c-subscribe-dropdown__list-item--gcal\">\n\t\t\t\t\t\t\t\t\t<a href=\"https:\/\/www.google.com\/calendar\/event?action=TEMPLATE&#038;dates=20260522T000000\/20260527T235959&#038;text=Grenada%20Chocolate%20Fest&#038;details=%3Cdiv+style%3D%22height%3A35px%22+aria-hidden%3D%22true%22+class%3D%22wp-block-spacer%22%3E%3C%2Fdiv%3E%3Cfigure+class%3D%22wp-block-embed+is-type-video+is-provider-youtube+wp-block-embed-youtube+wp-embed-aspect-16-9+wp-has-aspect-ratio%22%3E%3Cdiv+class%3D%22wp-block-embed__wrapper%22%3Ehttps%3A%2F%2Fwww.youtube.com%2Fwatch%3Fv%3D02ySh5SiWo8%3C%2Fdiv%3E%3C%2Ffigure%3E%3Cdiv+style%3D%22height%3A54px%22+aria-hidden%3D%22true%22+class%3D%22wp-block-spacer%22%3E%3C%2Fdiv%3E%3Cp%3EThe+Grenada+Chocolate+Festival+started+as+a+modest+celebration+of+the+island%E2%80%99s+deep-rooted+cocoa+heritage%2C+uniting+farmers%2C+chocolate+artisans%2C+storytellers%2C+and+enthusiasts+for+a+week+of+hands-on+experiences.+%3C%2Fp%3E+%3Cp%3EWhat+began+locally+has+grown+into+a+globally+recognized+event%2C+expanding+its+lineup+of+activities%2C+collaborations%2C+and+international+appeal.+%3C%2Fp%3E+%3Cp%3EToday%2C+the+festival+stands+as+a+vibrant+tribute+to+sustainable+cocoa%2C+community+empowerment%2C+and+Grenada%E2%80%99s+boundless+creativity%2C+inviting+visitors+from+around+the+world+to+savor+the+journey+from+tree+to+bar.%3C%2Fp%3E+%3Cdiv+clas%28Voir+toute+la+description+de+%C3%A9v%C3%A8nement+ici%C2%A0%3A+https%3A%2F%2Fwww.caribbean-multihulls.com%2Ffr%2Fevenement%2Ffete-du-chocolat-de-grenade%2F%29&#038;trp=false&#038;ctz=America\/Guadeloupe&#038;sprop=website:https:\/\/www.caribbean-multihulls.com\/fr\" class=\"tribe-events-c-subscribe-dropdown__list-item-link\" target=\"_blank\" rel=\"noopener noreferrer nofollow noindex\">\n\t\t\t\t\t\t\t\t\t\tAgenda Google\t\t\t\t\t\t\t\t\t<\/a>\n\t\t\t\t\t\t\t\t<\/li>\n\t\t\t\t\t\t\t\t\t\t\t\t\t\t\t<li class=\"tribe-events-c-subscribe-dropdown__list-item tribe-events-c-subscribe-dropdown__list-item--ical\">\n\t\t\t\t\t\t\t\t\t<a\n\t\t\t\t\t\t\t\t\t\thref=\"\"\n\t\t\t\t\t\t\t\t\t\tclass=\"tribe-events-c-subscribe-dropdown__list-item-link\"\n\t\t\t\t\t\t\t\t\t\ttarget=\"_blank\"\n\t\t\t\t\t\t\t\t\t\trel=\"noopener noreferrer nofollow noindex\"\n\t\t\t\t\t\t\t\t\t>\n\t\t\t\t\t\t\t\t\t\tiCalendar\t\t\t\t\t\t\t\t\t<\/a>\n\t\t\t\t\t\t\t\t<\/li>\n\t\t\t\t\t\t\t\t\t\t\t\t\t\t\t<li class=\"tribe-events-c-subscribe-dropdown__list-item tribe-events-c-subscribe-dropdown__list-item--outlook-365\">\n\t\t\t\t\t\t\t\t\t<a\n\t\t\t\t\t\t\t\t\t\thref=\"\"\n\t\t\t\t\t\t\t\t\t\tclass=\"tribe-events-c-subscribe-dropdown__list-item-link\"\n\t\t\t\t\t\t\t\t\t\ttarget=\"_blank\"\n\t\t\t\t\t\t\t\t\t\trel=\"noopener noreferrer nofollow noindex\"\n\t\t\t\t\t\t\t\t\t>\n\t\t\t\t\t\t\t\t\t\tOutlook 365\t\t\t\t\t\t\t\t\t<\/a>\n\t\t\t\t\t\t\t\t<\/li>\n\t\t\t\t\t\t\t\t\t\t\t\t\t\t\t<li class=\"tribe-events-c-subscribe-dropdown__list-item tribe-events-c-subscribe-dropdown__list-item--outlook-live\">\n\t\t\t\t\t\t\t\t\t<a\n\t\t\t\t\t\t\t\t\t\thref=\"\"\n\t\t\t\t\t\t\t\t\t\tclass=\"tribe-events-c-subscribe-dropdown__list-item-link\"\n\t\t\t\t\t\t\t\t\t\ttarget=\"_blank\"\n\t\t\t\t\t\t\t\t\t\trel=\"noopener noreferrer nofollow noindex\"\n\t\t\t\t\t\t\t\t\t>\n\t\t\t\t\t\t\t\t\t\tOutlook en direct\t\t\t\t\t\t\t\t\t<\/a>\n\t\t\t\t\t\t\t\t<\/li>\n\t\t\t\t\t\t\t\t\t\t\t\t\t<\/ul>\n\t\t\t\t\t<\/div>\n\t\t\t\t<\/div>\n\t\t\t<\/div>\n\t\t<\/div>\n\t<\/div>\n\n\n\n\n<p><\/p>","protected":false},"excerpt":{"rendered":"<p>The Grenada Chocolate Festival started as a modest celebration of the island\u2019s deep-rooted cocoa heritage, uniting farmers, chocolate artisans, storytellers, [&hellip;]<\/p>\n","protected":false},"author":2,"featured_media":20906,"template":"","meta":{"_eb_attr":"","site-sidebar-layout":"default","site-content-layout":"","ast-site-content-layout":"default","site-content-style":"default","site-sidebar-style":"default","ast-global-header-display":"","ast-banner-title-visibility":"","ast-main-header-display":"","ast-hfb-above-header-display":"","ast-hfb-below-header-display":"","ast-hfb-mobile-header-display":"","site-post-title":"","ast-breadcrumbs-content":"","ast-featured-img":"","footer-sml-layout":"","ast-disable-related-posts":"","theme-transparent-header-meta":"","adv-header-id-meta":"","stick-header-meta":"","header-above-stick-meta":"","header-main-stick-meta":"","header-below-stick-meta":"","astra-migrate-meta-layouts":"default","ast-page-background-enabled":"default","ast-page-background-meta":{"desktop":{"background-color":"var(--ast-global-color-5)","background-image":"","background-repeat":"repeat","background-position":"center center","background-size":"auto","background-attachment":"scroll","background-type":"","background-media":"","overlay-type":"","overlay-color":"","overlay-opacity":"","overlay-gradient":""},"tablet":{"background-color":"","background-image":"","background-repeat":"repeat","background-position":"center center","background-size":"auto","background-attachment":"scroll","background-type":"","background-media":"","overlay-type":"","overlay-color":"","overlay-opacity":"","overlay-gradient":""},"mobile":{"background-color":"","background-image":"","background-repeat":"repeat","background-position":"center center","background-size":"auto","background-attachment":"scroll","background-type":"","background-media":"","overlay-type":"","overlay-color":"","overlay-opacity":"","overlay-gradient":""}},"ast-content-background-meta":{"desktop":{"background-color":"var(--ast-global-color-4)","background-image":"","background-repeat":"repeat","background-position":"center center","background-size":"auto","background-attachment":"scroll","background-type":"","background-media":"","overlay-type":"","overlay-color":"","overlay-opacity":"","overlay-gradient":""},"tablet":{"background-color":"var(--ast-global-color-4)","background-image":"","background-repeat":"repeat","background-position":"center center","background-size":"auto","background-attachment":"scroll","background-type":"","background-media":"","overlay-type":"","overlay-color":"","overlay-opacity":"","overlay-gradient":""},"mobile":{"background-color":"var(--ast-global-color-4)","background-image":"","background-repeat":"repeat","background-position":"center center","background-size":"auto","background-attachment":"scroll","background-type":"","background-media":"","overlay-type":"","overlay-color":"","overlay-opacity":"","overlay-gradient":""}},"_EventAllDay":true,"_EventTimezone":"America\/Guadeloupe","_EventStartDate":"2026-05-22 00:00:00","_EventEndDate":"2026-05-27 23:59:59","_EventStartDateUTC":"2026-05-22 04:00:00","_EventEndDateUTC":"2026-05-28 03:59:59","_EventShowMap":false,"_EventShowMapLink":false,"_EventURL":"","_EventCost":"","_EventCostDescription":"","_EventCurrencySymbol":"$","_EventCurrencyCode":"USD","_EventCurrencyPosition":"prefix","_EventDateTimeSeparator":"@","_EventTimeRangeSeparator":" - ","_EventOrganizerID":[],"_EventVenueID":[],"_OrganizerEmail":"","_OrganizerPhone":"","_OrganizerWebsite":"","_VenueAddress":"","_VenueCity":"","_VenueCountry":"","_VenueProvince":"","_VenueState":"","_VenueZip":"","_VenuePhone":"","_VenueURL":"","_VenueStateProvince":"","_VenueLat":"","_VenueLng":"","_VenueShowMap":false,"_VenueShowMapLink":false,"_tribe_events_status":"","_tribe_events_status_reason":"","footnotes":""},"tags":[55],"tribe_events_cat":[60],"class_list":["post-20902","tribe_events","type-tribe_events","status-publish","has-post-thumbnail","hentry","tag-grenada","tribe_events_cat-festivals-in-the-caribbean","cat_festivals-in-the-caribbean"],"_links":{"self":[{"href":"https:\/\/www.caribbean-multihulls.com\/fr\/wp-json\/wp\/v2\/tribe_events\/20902","targetHints":{"allow":["GET"]}}],"collection":[{"href":"https:\/\/www.caribbean-multihulls.com\/fr\/wp-json\/wp\/v2\/tribe_events"}],"about":[{"href":"https:\/\/www.caribbean-multihulls.com\/fr\/wp-json\/wp\/v2\/types\/tribe_events"}],"author":[{"embeddable":true,"href":"https:\/\/www.caribbean-multihulls.com\/fr\/wp-json\/wp\/v2\/users\/2"}],"version-history":[{"count":2,"href":"https:\/\/www.caribbean-multihulls.com\/fr\/wp-json\/wp\/v2\/tribe_events\/20902\/revisions"}],"predecessor-version":[{"id":20907,"href":"https:\/\/www.caribbean-multihulls.com\/fr\/wp-json\/wp\/v2\/tribe_events\/20902\/revisions\/20907"}],"wp:featuredmedia":[{"embeddable":true,"href":"https:\/\/www.caribbean-multihulls.com\/fr\/wp-json\/wp\/v2\/media\/20906"}],"wp:attachment":[{"href":"https:\/\/www.caribbean-multihulls.com\/fr\/wp-json\/wp\/v2\/media?parent=20902"}],"wp:term":[{"taxonomy":"post_tag","embeddable":true,"href":"https:\/\/www.caribbean-multihulls.com\/fr\/wp-json\/wp\/v2\/tags?post=20902"},{"taxonomy":"tribe_events_cat","embeddable":true,"href":"https:\/\/www.caribbean-multihulls.com\/fr\/wp-json\/wp\/v2\/tribe_events_cat?post=20902"}],"curies":[{"name":"wp","href":"https:\/\/api.w.org\/{rel}","templated":true}]}}